{"id":448,"date":"2021-08-24T16:22:06","date_gmt":"2021-08-24T14:22:06","guid":{"rendered":"https:\/\/giellavahkku.org\/om-uken\/"},"modified":"2025-09-25T16:44:25","modified_gmt":"2025-09-25T14:44:25","slug":"om-uken","status":"publish","type":"page","link":"https:\/\/giellavahkku.org\/sv\/om-uken\/","title":{"rendered":""},"content":{"rendered":"\n<div class=\"wp-block-group is-layout-constrained wp-container-core-group-is-layout-ec27dcee wp-block-group-is-layout-constrained\" style=\"margin-bottom:var(--wp--preset--spacing--72)\">\n<h1 class=\"wp-block-heading has-text-align-center has-custom-7-font-size\" style=\"text-transform:uppercase\">Historien bakom<\/h1>\n\n\n\n<p class=\"has-text-align-center has-custom-10-font-size\" style=\"font-style:normal;font-weight:500\">Samiska spr\u00e5kveckan \u00e4r ett initiativ fr\u00e5n Sametinget p\u00e5 norsk sida i samband med lanseringen av Spr\u00e5kl\u00f6ftet.<\/p>\n<\/div>\n\n\n\n<div class=\"wp-block-group alignwide has-honey-background-color has-background is-layout-flow wp-block-group-is-layout-flow\" style=\"padding-top:var(--wp--preset--spacing--72);padding-right:var(--wp--preset--spacing--72);padding-bottom:var(--wp--preset--spacing--72);padding-left:var(--wp--preset--spacing--72);font-style:normal;font-weight:500\">\n<h2 class=\"wp-block-heading\">Om spr\u00e5kveckan<\/h2>\n\n\n\n<p class=\"has-sizing-medium\">Syftet med&nbsp;den samiska spr\u00e5kveckan&nbsp;\u00e4r att lyfta de samiska spr\u00e5kens status, och \u00f6ka kunskapen om samiska spr\u00e5k och kultur i hela samh\u00e4llet. Just den h\u00e4r veckan kommer de samiska spr\u00e5ken att h\u00f6ras och dyka upp \u00f6verallt.<\/p>\n\n\n\n<div class=\"wp-block-columns is-layout-flex wp-container-core-columns-is-layout-28f84493 wp-block-columns-is-layout-flex\">\n<div class=\"wp-block-column is-layout-flow wp-block-column-is-layout-flow\">\n<figure class=\"wp-block-image size-large\"><img loading=\"lazy\" decoding=\"async\" width=\"1024\" height=\"778\" src=\"https:\/\/giellavahkku.org\/wp-content\/uploads\/2024\/08\/bilde-med-buttons-1024x778.jpg\" alt=\"\" class=\"wp-image-6831\" srcset=\"https:\/\/giellavahkku.org\/wp-content\/uploads\/2024\/08\/bilde-med-buttons-1024x778.jpg 1024w, https:\/\/giellavahkku.org\/wp-content\/uploads\/2024\/08\/bilde-med-buttons-300x228.jpg 300w, https:\/\/giellavahkku.org\/wp-content\/uploads\/2024\/08\/bilde-med-buttons-768x584.jpg 768w, https:\/\/giellavahkku.org\/wp-content\/uploads\/2024\/08\/bilde-med-buttons-1536x1167.jpg 1536w, https:\/\/giellavahkku.org\/wp-content\/uploads\/2024\/08\/bilde-med-buttons-scaled.jpg 2048w\" sizes=\"auto, (max-width: 1024px) 100vw, 1024px\" \/><\/figure>\n<\/div>\n\n\n\n<div class=\"wp-block-column is-layout-flow wp-block-column-is-layout-flow\">\n<p>Samiska spr\u00e5kveckan \u00e4r\u00a0ett gemensamt frivilligt arbete f\u00f6r\u00a0att lyfta fram och \u00f6ka kunskapen om de samiska spr\u00e5ken i hela samh\u00e4llet. Privata och offentliga institutioner, f\u00f6retag, organisationer och andra akt\u00f6rer uppmanas att synligg\u00f6ra samiska spr\u00e5k just denna vecka. Tillsammans tar vi ett st\u00f6rre ansvar f\u00f6r att se till att samiska spr\u00e5k h\u00f6rs, syns och anv\u00e4nds p\u00e5 alla omr\u00e5den i samh\u00e4llet.<\/p>\n<\/div>\n<\/div>\n\n\n\n<p class=\"has-sizing-medium\">Samiska spr\u00e5kveckan \u00e4r ett initiativ fr\u00e5n Sametinget p\u00e5 norsk sida i samband med lanseringen av Spr\u00e5kl\u00f6ftet.<\/p>\n\n\n\n<h2 class=\"wp-block-heading\">Varf\u00f6r \u00e4r samiska spr\u00e5kveckan viktig?<\/h2>\n\n\n\n<p class=\"has-sizing-medium\">Trots att de samiska spr\u00e5ken \u00e4r utrotningshotade s\u00e5 forts\u00e4tter de att existera. Det finns hopp. Det finns en v\u00e4xande medvetenhet bland samerna om spr\u00e5k- och spr\u00e5kval, och allt fler v\u00e4ljer att g\u00e5 kurser f\u00f6r att ta tillbaka det spr\u00e5k som generationer innan de f\u00f6rlorade. I omr\u00e5den d\u00e4r samiska inte har anv\u00e4nts p\u00e5 en generation eller tv\u00e5, tar unga vuxna nu sitt spr\u00e5k tillbaka och f\u00f6rsiktigt f\u00f6rs\u00f6ker f\u00f6ra det vidare till sina barn. En ny generation av samisktalande barn v\u00e4xer fram<\/p>\n\n\n\n<p class=\"has-sizing-medium\">P\u00e5 b\u00e5de norsk, svensk och finsk sida av S\u00e1pmi upplever vi att samh\u00e4llet i st\u00f6rre grad visar intresse och engagemang f\u00f6r de samiska spr\u00e5ken, och samer i alla l\u00e4nder upplever st\u00f6rre acceptans f\u00f6r sin kultur och sina spr\u00e5k. Intresset f\u00f6r det samiska samh\u00e4llet \u00e4r stort, och tidpunkten f\u00f6r en gemensam insats f\u00f6r spr\u00e5ket kunde inte vara b\u00e4ttre.<\/p>\n\n\n\n<figure class=\"wp-block-image size-large\"><img decoding=\"async\" src=\"https:\/\/giellavahkku.org\/wp-content\/uploads\/2023\/10\/samediggi-1024x680.jpg\" alt=\"\" class=\"wp-image-5269\"\/><\/figure>\n<\/div>\n\n\n\n<p><\/p>\n","protected":false},"excerpt":{"rendered":"<p>Om spr\u00e5kveckan Syftet med&nbsp;den samiska spr\u00e5kveckan&nbsp;\u00e4r att lyfta de samiska spr\u00e5kens status, och \u00f6ka kunskapen om samiska spr\u00e5k och kultur i hela samh\u00e4llet. Just den h\u00e4r veckan kommer de samiska spr\u00e5ken att h\u00f6ras och dyka upp \u00f6verallt. Samiska spr\u00e5kveckan \u00e4r\u00a0ett gemensamt frivilligt arbete f\u00f6r\u00a0att lyfta fram och \u00f6ka kunskapen om de samiska spr\u00e5ken i hela [&hellip;]<\/p>\n","protected":false},"author":1,"featured_media":0,"parent":0,"menu_order":0,"comment_status":"closed","ping_status":"closed","template":"wp-custom-template-side-banner","meta":{"_acf_changed":false,"footnotes":""},"class_list":["post-448","page","type-page","status-publish","hentry"],"acf":[],"_links":{"self":[{"href":"https:\/\/giellavahkku.org\/sv\/wp-json\/wp\/v2\/pages\/448","targetHints":{"allow":["GET"]}}],"collection":[{"href":"https:\/\/giellavahkku.org\/sv\/wp-json\/wp\/v2\/pages"}],"about":[{"href":"https:\/\/giellavahkku.org\/sv\/wp-json\/wp\/v2\/types\/page"}],"author":[{"embeddable":true,"href":"https:\/\/giellavahkku.org\/sv\/wp-json\/wp\/v2\/users\/1"}],"replies":[{"embeddable":true,"href":"https:\/\/giellavahkku.org\/sv\/wp-json\/wp\/v2\/comments?post=448"}],"version-history":[{"count":2,"href":"https:\/\/giellavahkku.org\/sv\/wp-json\/wp\/v2\/pages\/448\/revisions"}],"predecessor-version":[{"id":9551,"href":"https:\/\/giellavahkku.org\/sv\/wp-json\/wp\/v2\/pages\/448\/revisions\/9551"}],"wp:attachment":[{"href":"https:\/\/giellavahkku.org\/sv\/wp-json\/wp\/v2\/media?parent=448"}],"curies":[{"name":"wp","href":"https:\/\/api.w.org\/{rel}","templated":true}]}}